{"id":1809,"date":"2022-08-17T01:13:14","date_gmt":"2022-08-17T01:13:14","guid":{"rendered":"https:\/\/idiomas.mxl.uabc.mx\/eti\/?page_id=1809"},"modified":"2023-05-11T17:02:20","modified_gmt":"2023-05-11T17:02:20","slug":"productividad-academica-de-los-profesores-de-posgrado","status":"publish","type":"page","link":"https:\/\/idiomas.mxl.uabc.mx\/eti\/productividad-academica-de-los-profesores-de-posgrado\/","title":{"rendered":"Productividad Acad\u00e9mica de los Profesores de Posgrado"},"content":{"rendered":"\t\t<div data-elementor-type=\"wp-page\" data-elementor-id=\"1809\" class=\"elementor elementor-1809\">\n\t\t\t\t\t\t<section class=\"elementor-section elementor-top-section elementor-element elementor-element-421c896 elementor-section-boxed elementor-section-height-default elementor-section-height-default\" data-id=\"421c896\" data-element_type=\"section\" data-e-type=\"section\">\n\t\t\t\t\t\t<div class=\"elementor-container elementor-column-gap-default\">\n\t\t\t\t\t<div class=\"elementor-column elementor-col-100 elementor-top-column elementor-element elementor-element-b859644\" data-id=\"b859644\" data-element_type=\"column\" data-e-type=\"column\">\n\t\t\t<div class=\"elementor-widget-wrap elementor-element-populated\">\n\t\t\t\t\t\t<div class=\"elementor-element elementor-element-d4f7e70 elementor-widget elementor-widget-spacer\" data-id=\"d4f7e70\" data-element_type=\"widget\" data-e-type=\"widget\" data-widget_type=\"spacer.default\">\n\t\t\t\t<div class=\"elementor-widget-container\">\n\t\t\t\t\t\t\t<div class=\"elementor-spacer\">\n\t\t\t<div class=\"elementor-spacer-inner\"><\/div>\n\t\t<\/div>\n\t\t\t\t\t\t<\/div>\n\t\t\t\t<\/div>\n\t\t\t\t\t<\/div>\n\t\t<\/div>\n\t\t\t\t\t<\/div>\n\t\t<\/section>\n\t\t\t\t<section class=\"elementor-section elementor-top-section elementor-element elementor-element-93a3a9f elementor-section-boxed elementor-section-height-default elementor-section-height-default\" data-id=\"93a3a9f\" data-element_type=\"section\" data-e-type=\"section\">\n\t\t\t\t\t\t<div class=\"elementor-container elementor-column-gap-default\">\n\t\t\t\t\t<div class=\"elementor-column elementor-col-100 elementor-top-column elementor-element elementor-element-67683c0\" data-id=\"67683c0\" data-element_type=\"column\" data-e-type=\"column\">\n\t\t\t<div class=\"elementor-widget-wrap elementor-element-populated\">\n\t\t\t\t\t\t<div class=\"elementor-element elementor-element-630cc41 elementor-widget elementor-widget-page-title\" data-id=\"630cc41\" data-element_type=\"widget\" data-e-type=\"widget\" data-widget_type=\"page-title.default\">\n\t\t\t\t<div class=\"elementor-widget-container\">\n\t\t\t\t\t\t\t\n\t\t<div class=\"hfe-page-title hfe-page-title-wrapper elementor-widget-heading\">\n\n\t\t\t\t\t\t\t\t<h2 class=\"elementor-heading-title elementor-size-default\">\n\t\t\t\t\t\t\t\t\n\t\t\t\tProductividad Acad\u00e9mica de los Profesores de Posgrado  \n\t\t\t<\/h2 > \n\t\t\t\t\t<\/div>\n\t\t\t\t\t\t<\/div>\n\t\t\t\t<\/div>\n\t\t\t\t\t<\/div>\n\t\t<\/div>\n\t\t\t\t\t<\/div>\n\t\t<\/section>\n\t\t\t\t<section class=\"elementor-section elementor-top-section elementor-element elementor-element-ac37e4b elementor-section-boxed elementor-section-height-default elementor-section-height-default\" data-id=\"ac37e4b\" data-element_type=\"section\" data-e-type=\"section\">\n\t\t\t\t\t\t<div class=\"elementor-container elementor-column-gap-default\">\n\t\t\t\t\t<div class=\"elementor-column elementor-col-100 elementor-top-column elementor-element elementor-element-58568e7\" data-id=\"58568e7\" data-element_type=\"column\" data-e-type=\"column\">\n\t\t\t<div class=\"elementor-widget-wrap elementor-element-populated\">\n\t\t\t\t\t\t<div class=\"elementor-element elementor-element-ba3139e elementor-widget elementor-widget-heading\" data-id=\"ba3139e\" data-element_type=\"widget\" data-e-type=\"widget\" data-widget_type=\"heading.default\">\n\t\t\t\t<div class=\"elementor-widget-container\">\n\t\t\t\t\t<h3 class=\"elementor-heading-title elementor-size-default\">Productividad Acad\u00e9mica relevante de los Profesores de Posgrado <\/h3>\t\t\t\t<\/div>\n\t\t\t\t<\/div>\n\t\t\t\t\t<\/div>\n\t\t<\/div>\n\t\t\t\t\t<\/div>\n\t\t<\/section>\n\t\t\t\t<section class=\"elementor-section elementor-top-section elementor-element elementor-element-16babb0 elementor-section-boxed elementor-section-height-default elementor-section-height-default\" data-id=\"16babb0\" data-element_type=\"section\" data-e-type=\"section\">\n\t\t\t\t\t\t<div class=\"elementor-container elementor-column-gap-default\">\n\t\t\t\t\t<div class=\"elementor-column elementor-col-100 elementor-top-column elementor-element elementor-element-6ed3138\" data-id=\"6ed3138\" data-element_type=\"column\" data-e-type=\"column\">\n\t\t\t<div class=\"elementor-widget-wrap elementor-element-populated\">\n\t\t\t\t\t\t<div class=\"elementor-element elementor-element-7c50511 elementor-widget elementor-widget-text-editor\" data-id=\"7c50511\" data-element_type=\"widget\" data-e-type=\"widget\" data-widget_type=\"text-editor.default\">\n\t\t\t\t<div class=\"elementor-widget-container\">\n\t\t\t\t\t\t\t\t\t<h5 style=\"text-align: center;\"><strong>1-Docentes del N\u00facleo Acad\u00e9mico B\u00e1sico (del 2007 a la fecha)<\/strong><\/h5><h6 style=\"text-align: center;\">a. Art\u00edculos<\/h6><h6 style=\"text-align: center;\">b. Libros<\/h6><h6 style=\"text-align: center;\">c. Cap\u00edtulos de libros<\/h6><h6 style=\"text-align: center;\">d. Trabajos presentados<\/h6><h6 style=\"text-align: center;\">\u00a0<\/h6><h6 style=\"text-align: center;\"><strong>a) Art\u00edculos del N\u00facleo Acad\u00e9mico<\/strong><\/h6>\t\t\t\t\t\t\t\t<\/div>\n\t\t\t\t<\/div>\n\t\t\t\t\t<\/div>\n\t\t<\/div>\n\t\t\t\t\t<\/div>\n\t\t<\/section>\n\t\t\t\t<section class=\"elementor-section elementor-top-section elementor-element elementor-element-20adb5d elementor-section-boxed elementor-section-height-default elementor-section-height-default\" data-id=\"20adb5d\" data-element_type=\"section\" data-e-type=\"section\">\n\t\t\t\t\t\t<div class=\"elementor-container elementor-column-gap-default\">\n\t\t\t\t\t<div class=\"elementor-column elementor-col-100 elementor-top-column elementor-element elementor-element-17d5bcc\" data-id=\"17d5bcc\" data-element_type=\"column\" data-e-type=\"column\">\n\t\t\t<div class=\"elementor-widget-wrap elementor-element-populated\">\n\t\t\t\t\t\t<div class=\"elementor-element elementor-element-9aab58c elementor-widget elementor-widget-text-editor\" data-id=\"9aab58c\" data-element_type=\"widget\" data-e-type=\"widget\" data-widget_type=\"text-editor.default\">\n\t\t\t\t<div class=\"elementor-widget-container\">\n\t\t\t\t\t\t\t\t\t<table border=\"0\" width=\"96%\" cellspacing=\"0\" cellpadding=\"0\"><tbody><tr><td><table border=\"1\" width=\"0\" cellspacing=\"0\" cellpadding=\"0\"><tbody><tr><td bgcolor=\"#CCE3BB\" width=\"36\"><p align=\"center\"><strong>A\u00f1o<\/strong><\/p><\/td><td bgcolor=\"#CCE3BB\" width=\"101\"><p align=\"center\"><strong>Profesor<\/strong><\/p><\/td><td bgcolor=\"#CCE3BB\" width=\"193\"><p align=\"center\"><strong>T\u00edtulo del art\u00edculo <\/strong><\/p><\/td><td bgcolor=\"#CCE3BB\" width=\"357\"><p align=\"center\"><strong>Lugar de publicaci\u00f3n <\/strong><\/p><\/td><\/tr><tr><td align=\"center\" valign=\"middle\" bgcolor=\"#FFDA85\"><p align=\"center\">2017<\/p><\/td><td align=\"center\" valign=\"middle\" bgcolor=\"#FFDA85\"><p align=\"center\">Acosta Dom\u00ednguez Sonia<\/p><\/td><td align=\"center\" valign=\"middle\" bgcolor=\"#FFDA85\"><p align=\"center\">El uso de la met\u00e1fora como una herramienta did\u00e1ctica en la ense\u00f1anza de la redacci\u00f3n en el nivel medio<\/p><\/td><td align=\"center\" valign=\"middle\" bgcolor=\"#FFDA85\"><p align=\"center\">WEFLA XI Conferencia<br \/>Internacional sobre Lenguas<br \/>Extranjeras, Comunicaci\u00f3n y<br \/>Cultura, Cuba<br \/>Memorias de congreso<\/p><\/td><\/tr><tr><td rowspan=\"2\" align=\"center\" valign=\"middle\" bgcolor=\"#FFDA85\"><p align=\"center\">\u00a0<\/p><p align=\"center\">2019<\/p><\/td><td rowspan=\"7\" align=\"center\" valign=\"middle\" bgcolor=\"#FFDA85\"><p align=\"center\">\u00a0<\/p><p align=\"center\">\u00a0<\/p><p align=\"center\">\u00a0<\/p><p align=\"center\">\u00a0<\/p><p align=\"center\">\u00a0<\/p><p align=\"center\">\u00a0<\/p><p align=\"center\">\u00a0<\/p><p align=\"center\">Cortez God\u00ednez Jos\u00e9<\/p><\/td><td align=\"center\" valign=\"middle\" bgcolor=\"#FFDA85\"><p align=\"center\">Socio-Economic level and its influence on the acquisition of the translation competence<\/p><\/td><td align=\"center\" valign=\"middle\" bgcolor=\"#FFDA85\"><p align=\"center\">SENDEBAR <br \/>ISSN 1130-5509<\/p><\/td><\/tr><tr><td align=\"center\" valign=\"middle\" bgcolor=\"#FFDA85\"><p align=\"center\">Registro y evoluci\u00f3n de la subcompetencia extraling\u00fc\u00edstica en estudiantes de traducci\u00f3n<\/p><\/td><td align=\"center\" valign=\"middle\" bgcolor=\"#FFDA85\"><p align=\"center\">Onom\u00e1zein<br \/>Revistas Indizadas<\/p><\/td><\/tr><tr><td align=\"center\" valign=\"middle\" bgcolor=\"#FFDA85\"><p align=\"center\">\u00a0<\/p><p align=\"center\">2019<\/p><p align=\"center\">\u00a0<\/p><\/td><td align=\"center\" valign=\"middle\" bgcolor=\"#FFDA85\"><p align=\"center\">Evolution of Linguistic Sub-competence in English of Students Translations in the Mexicali Campus of the Language School<\/p><\/td><td align=\"center\" valign=\"middle\" bgcolor=\"#FFDA85\"><p align=\"center\">US-China Foreign Languaje<\/p><p align=\"center\">\u00a0<\/p><p align=\"center\">\u00a0<\/p><\/td><\/tr><tr><td align=\"center\" valign=\"middle\" bgcolor=\"#FFDA85\"><p align=\"center\">\u00a0<\/p><p align=\"center\">2018<\/p><\/td><td align=\"center\" valign=\"middle\" bgcolor=\"#FFDA85\"><p align=\"center\">Evoluci\u00f3n de la subcompetencia Ling\u00fc\u00edstica en ingl\u00e9s en los estudiantes de traducci\u00f3n de la Facultad de idiomas-campus Mexicali<\/p><\/td><td align=\"center\" valign=\"middle\" bgcolor=\"#FFDA85\"><p align=\"center\">Revista de la Facultad de Lenguas de la Benem\u00e9rita<br \/>Universidad Aut\u00f3noma de Puebla<br \/>Revistas Indizadas<\/p><\/td><\/tr><tr><td align=\"center\" valign=\"middle\" bgcolor=\"#FFDA85\"><p align=\"center\">2018<\/p><\/td><td align=\"center\" valign=\"middle\" bgcolor=\"#FFDA85\"><p align=\"center\">La formaci\u00f3n de competencias en traducci\u00f3n: Un caso mexicano<\/p><\/td><td align=\"center\" valign=\"middle\" bgcolor=\"#FFDA85\"><p align=\"center\">XIV Congreso Internacional sobre el Enfoque Basado en Competencias \u00bfAprendizaje, Formaci\u00f3n y Educaci\u00f3n por Competencias?<br \/>Memorias de congreso<\/p><\/td><\/tr><tr><td align=\"center\" valign=\"middle\" bgcolor=\"#FFDA85\"><p align=\"center\">2017<\/p><\/td><td align=\"center\" valign=\"middle\" bgcolor=\"#FFDA85\"><p align=\"center\">Quality Control and Translation Competence<\/p><\/td><td align=\"center\" valign=\"middle\" bgcolor=\"#FFDA85\"><p align=\"center\">Quality Control and Translation Competence<br \/>Revistas Indizadas (ISSN 15398072)<\/p><\/td><\/tr><tr><td align=\"center\" valign=\"middle\" bgcolor=\"#FFDA85\"><p align=\"center\">2016<\/p><\/td><td align=\"center\" valign=\"middle\" bgcolor=\"#FFDA85\"><p align=\"center\">Control de calidad y competencia traductora<\/p><\/td><td align=\"center\" valign=\"middle\" bgcolor=\"#FFDA85\"><p align=\"center\">Plurilinkgua<br \/>Revista Indizada<br \/><a class=\"style39\" href=\"http:\/\/idiomas.ens.uabc.mx\/plurilinkgua\/docs\/v11\/1\/Cortez.pdf\">http:\/\/idiomas.ens.uabc.mx\/plurilinkgua\/docs\/v11\/1\/Cortez.pdf<\/a><\/p><\/td><\/tr><tr><td align=\"center\" valign=\"middle\" bgcolor=\"#FFDA85\"><p align=\"center\">2017<\/p><\/td><td align=\"center\" valign=\"middle\" bgcolor=\"#FFDA85\"><p align=\"center\">Longoria Ram\u00f3n Eldon Walter<\/p><\/td><td align=\"center\" valign=\"middle\" bgcolor=\"#FFDA85\"><p align=\"center\">El uso de la met\u00e1fora como herramienta did\u00e1ctica en la ense\u00f1anza de la redacci\u00f3n<\/p><\/td><td align=\"center\" valign=\"middle\" bgcolor=\"#FFDA85\"><p align=\"center\">Conferencia Cient\u00edfica Internacional<\/p><\/td><\/tr><tr><td rowspan=\"4\" align=\"center\" valign=\"middle\" bgcolor=\"#FFDA85\"><p align=\"center\">\u00a0<\/p><p align=\"center\">\u00a0<\/p><p align=\"center\">\u00a0<\/p><p align=\"center\">2019<\/p><\/td><td rowspan=\"6\" align=\"center\" valign=\"middle\" bgcolor=\"#FFDA85\"><p align=\"center\">\u00a0<\/p><p align=\"center\">\u00a0<\/p><p align=\"center\">\u00a0<\/p><p align=\"center\">Paz Alvarado Graciela<\/p><\/td><td align=\"center\" valign=\"middle\" bgcolor=\"#FFDA85\"><p align=\"center\">La formaci\u00f3n profesional del comunicador organizacional en un universo cada vez m\u00e1s globalizado<\/p><\/td><td align=\"center\" valign=\"middle\" bgcolor=\"#FFDA85\"><p align=\"center\">Organicom <br \/>Revista Indizada<br \/>ISSN: 2238-2593<\/p><\/td><\/tr><tr><td align=\"center\" valign=\"middle\" bgcolor=\"#FFDA85\"><p align=\"center\">Tutor\u00edas entre lo ideas y lo real: reflexiones a partir de la pr\u00e1ctica docente.<\/p><\/td><td align=\"center\" valign=\"middle\" bgcolor=\"#FFDA85\"><p align=\"center\">Revista Mexicana de Orientaci\u00f3n Educativa<br \/>ISSN: 1665-7527<\/p><\/td><\/tr><tr><td align=\"center\" valign=\"middle\" bgcolor=\"#FFDA85\"><p align=\"center\">Narcotr\u00e1fico: lo invisible y lo visible. An\u00e1lisis de los medios impresos en la frontera M\u00e9xico-Estados Unidos<\/p><\/td><td align=\"center\" valign=\"middle\" bgcolor=\"#FFDA85\"><p align=\"center\">Paisajes del imaginario comunicol\u00f3gico<br \/>Revista Indexada eISSN: 1605-4806<\/p><\/td><\/tr><tr><td align=\"center\" valign=\"middle\" bgcolor=\"#FFDA85\"><p align=\"center\">Transdisciplinariedad y construcci\u00f3n del conocimiento mediante la Gu\u00eda de la Investigaci\u00f3n<\/p><\/td><td align=\"center\" valign=\"middle\" bgcolor=\"#FFDA85\"><p align=\"center\">Investigaci\u00f3n, pr\u00e1cticas y reflexiones en Educaci\u00f3n Media Superior y Superior<br \/>ISSN 2395-8-375<\/p><\/td><\/tr><tr><td rowspan=\"2\" align=\"center\" valign=\"middle\" bgcolor=\"#FFDA85\"><p align=\"center\">\u00a0<\/p><p align=\"center\">\u00a0<\/p><p align=\"center\">\u00a0<\/p><p align=\"center\">2016<\/p><\/td><td align=\"center\" valign=\"middle\" bgcolor=\"#FFDA85\"><p align=\"center\">De Schein al enfoque emergente: propuestas te\u00f3ricas y metodol\u00f3gicas en el estudio de la comunicaci\u00f3n<\/p><\/td><td align=\"center\" valign=\"middle\" bgcolor=\"#FFDA85\"><p align=\"center\">XIII Congreso Latinoamericano de Investigadores de la Comunicaci\u00f3n. Comunicaci\u00f3n Organizacional y Relaciones P\u00fablicas<br \/>Memorias de congreso<\/p><\/td><\/tr><tr><td align=\"center\" valign=\"middle\" bgcolor=\"#FFDA85\"><p align=\"center\">Gesti\u00f3n de Comunicaci\u00f3n interna y cambio organizacional en una instituci\u00f3n cubana: Joven Club de Com<\/p><\/td><td align=\"center\" valign=\"middle\" bgcolor=\"#FFDA85\"><p align=\"center\">XIII Congreso Latinoamericano de Investigadores de la Comunicaci\u00f3n. Comunicaci\u00f3n<br \/>\u00a0Organizacional y Relaciones<br \/>P\u00fablicas<br \/>Memorias de congreso<\/p><\/td><\/tr><\/tbody><\/table><\/td><\/tr><tr><td>\u00a0<\/td><\/tr><tr><td><p align=\"center\"><strong>Art\u00edculos de Profesores de tiempo parcial<\/strong><\/p><\/td><\/tr><tr><td>\u00a0<\/td><\/tr><tr><td><table border=\"1\" cellspacing=\"0\" cellpadding=\"0\"><tbody><tr><td bgcolor=\"#CCE3BB\" width=\"36\"><p align=\"center\"><strong>A\u00f1o<\/strong><\/p><\/td><td bgcolor=\"#CCE3BB\" width=\"101\"><p align=\"center\"><strong>Profesor<\/strong><\/p><\/td><td bgcolor=\"#CCE3BB\" width=\"193\"><p align=\"center\"><strong>T\u00edtulo del art\u00edculo <\/strong><\/p><\/td><td bgcolor=\"#CCE3BB\" width=\"357\"><p align=\"center\"><strong>Lugar de publicaci\u00f3n <\/strong><\/p><\/td><\/tr><tr><td align=\"center\" valign=\"middle\" bgcolor=\"#FFDA85\"><p align=\"center\">2016<\/p><\/td><td align=\"center\" valign=\"middle\" bgcolor=\"#FFDA85\"><p align=\"center\">Dom\u00ednguez Gaona Mar\u00eda del Roc\u00edo<\/p><\/td><td align=\"center\" valign=\"middle\" bgcolor=\"#FFDA85\"><p align=\"center\">Mexican university researchers\u2019 biliteracy beliefs and practices<\/p><\/td><td align=\"center\" valign=\"middle\" bgcolor=\"#FFDA85\"><p align=\"center\">Journal of Language and Cultural Education<br \/>Revistas Indizadas ISSN:1339-4584<\/p><\/td><\/tr><tr><td align=\"center\" valign=\"middle\" bgcolor=\"#FFDA85\"><p align=\"center\">2016<\/p><\/td><td align=\"center\" valign=\"middle\" bgcolor=\"#FFDA85\"><p align=\"center\">Mart\u00ednez Lobatos Lilia<\/p><\/td><td align=\"center\" valign=\"middle\" bgcolor=\"#FFDA85\"><p align=\"center\">El curr\u00edculo de la universidad p\u00fablica mexicana a veinte a\u00f1os de sus principales reformas y los programas de financiamiento extraordinario<\/p><\/td><td align=\"center\" valign=\"middle\" bgcolor=\"#FFDA85\"><p align=\"center\">Revista Iberoamericana de Educaci\u00f3n Superior<\/p><p align=\"center\">Revistas Indizadas\u00a0<\/p><\/td><\/tr><\/tbody><\/table><\/td><\/tr><tr><td>\u00a0<\/td><\/tr><tr><td><p class=\"txt_info\" align=\"center\"><strong>b) Libros del n\u00facleo acad\u00e9mico b\u00e1sico <\/strong><\/p><\/td><\/tr><tr><td>\u00a0<\/td><\/tr><tr><td><table border=\"1\" cellspacing=\"0\" cellpadding=\"0\"><tbody><tr><td bgcolor=\"#CCE3BB\" width=\"36\"><p align=\"center\"><strong>A\u00f1o<\/strong><\/p><\/td><td bgcolor=\"#CCE3BB\" width=\"249\"><p align=\"center\"><strong>Profesor<\/strong><\/p><\/td><td bgcolor=\"#CCE3BB\" width=\"404\"><p align=\"center\"><strong>T\u00edtulo del art\u00edculo <\/strong><\/p><\/td><\/tr><tr><td align=\"center\" valign=\"middle\" bgcolor=\"#FFDA85\"><p align=\"center\">2018<\/p><\/td><td rowspan=\"3\" align=\"center\" valign=\"middle\" bgcolor=\"#FFDA85\"><p align=\"center\">Cortez God\u00ednez Jos\u00e9<\/p><\/td><td align=\"center\" valign=\"middle\" bgcolor=\"#FFDA85\"><p align=\"center\">El nivel socioecon\u00f3mico de los estudiantes<br \/>de traducci\u00f3n como condicionante en la adquisici\u00f3n de la competencia traductora<br \/>ISBN: 9786076075098<\/p><\/td><\/tr><tr><td align=\"center\" valign=\"middle\" bgcolor=\"#FFDA85\"><p align=\"center\">2017<\/p><\/td><td align=\"center\" valign=\"middle\" bgcolor=\"#FFDA85\"><p align=\"center\">Investigar en traducci\u00f3n en la Frontera Norte<br \/>ISBN: 978-3-639-63000-8<\/p><\/td><\/tr><tr><td align=\"center\" valign=\"middle\" bgcolor=\"#FFDA85\"><p align=\"center\">2017<\/p><\/td><td align=\"center\" valign=\"middle\" bgcolor=\"#FFDA85\"><p align=\"center\">Nivel socioecon\u00f3mico y competencia<br \/>\u00a0traductora en el estudiante novel<br \/>ISBN: 9783841763396<\/p><\/td><\/tr><tr><td align=\"center\" valign=\"middle\" bgcolor=\"#FFDA85\"><p align=\"center\">2016<\/p><\/td><td align=\"center\" valign=\"middle\" bgcolor=\"#FFDA85\"><p align=\"center\">Valdez Guti\u00e9rrez <br \/>Leticia<\/p><\/td><td align=\"center\" valign=\"middle\" bgcolor=\"#FFDA85\"><p align=\"center\">El traductor en Baja California: consideraciones sobre su reconocimiento,<br \/>oferta educativa y demanda laboral<br \/>ISBN: 9788491256458<\/p><\/td><\/tr><\/tbody><\/table><\/td><\/tr><tr><td>\u00a0<\/td><\/tr><tr><td><p class=\"txt_info\" align=\"center\"><strong>Libros de profesores de tiempo parcial <\/strong><\/p><\/td><\/tr><tr><td>\u00a0<\/td><\/tr><tr><td><table border=\"1\" cellspacing=\"0\" cellpadding=\"0\"><tbody><tr><td bgcolor=\"#CCE3BB\" width=\"36\"><p align=\"center\"><strong>A\u00f1o<\/strong><\/p><\/td><td bgcolor=\"#CCE3BB\" width=\"249\"><p align=\"center\"><strong>Profesor<\/strong><\/p><\/td><td bgcolor=\"#CCE3BB\" width=\"404\"><p align=\"center\"><strong>T\u00edtulo del art\u00edculo <\/strong><\/p><\/td><\/tr><tr align=\"center\" valign=\"middle\" bgcolor=\"#FFDA85\"><td><p align=\"center\">2017<\/p><\/td><td><p align=\"center\">Montoya Cabrera Mar\u00eda Guadalupe<\/p><\/td><td><p align=\"center\">La documentaci\u00f3n en la Ense\u00f1anza de la Traducci\u00f3n<br \/>ISBN-13: 978-3-639-53226-5<br \/>ISBN-10: 3639532260<br \/>EAN: 9783639532265<\/p><\/td><\/tr><tr align=\"center\" valign=\"middle\" bgcolor=\"#FFDA85\"><td><p align=\"center\">2016<\/p><\/td><td><p align=\"center\">Molina Landeros Ros\u00edo del Carmen<\/p><\/td><td><p align=\"center\">Gram\u00e1ticas jesui\u00edticas del nororeste novohispano <br \/>(ss.XVII-XVIII)<\/p><\/td><\/tr><tr align=\"center\" valign=\"middle\" bgcolor=\"#FFDA85\"><td><p align=\"center\">2016<\/p><\/td><td><p align=\"center\">Montoya Cabrera Mar\u00eda Guadalupe<\/p><\/td><td><p align=\"center\">La importancia de la documentaci\u00f3n como tema transversal en los planes de estudio de la Licenciatura en Traducci\u00f3n de la Facultad de Idiomas de la UABC\u00a0 <br \/>ISBN: 978-84-9125-423-2<\/p><\/td><\/tr><\/tbody><\/table><\/td><\/tr><tr><td>\u00a0<\/td><\/tr><tr><td><p class=\"txt_info\" align=\"center\"><strong>c) Cap\u00edtulos de libros del N\u00facleo Acad\u00e9mico B\u00e1sico <\/strong><\/p><\/td><\/tr><tr><td>\u00a0<\/td><\/tr><tr><td><table border=\"1\" cellspacing=\"0\" cellpadding=\"0\"><tbody><tr><td bgcolor=\"#CCE3BB\" width=\"249\"><p align=\"center\"><strong>Nombre del autor<\/strong><\/p><\/td><td bgcolor=\"#CCE3BB\" width=\"404\"><p align=\"center\"><strong>Nombre del Cap\u00edtulo<\/strong><\/p><\/td><\/tr><tr><td rowspan=\"6\" align=\"center\" valign=\"middle\" bgcolor=\"#FFDA85\"><p align=\"center\">Acosta Dom\u00ednguez Sonia<\/p><\/td><td align=\"center\" valign=\"middle\" bgcolor=\"#FFDA85\"><p>Court Interpreters in the State of California, USA: A Spanish-English Glossary of Difficult Expressions ofMexican Immigrants during a Trial (2017) Nuevas fronteras en la traducci\u00f3n e interpretaci\u00f3n.<\/p><\/td><\/tr><tr><td align=\"center\" valign=\"middle\" bgcolor=\"#FFDA85\"><p>Interpreters in the State of California, USA: A Spanish- English glossary of difficult expressions of Mexican immigrants during a trial (2017) Nuevas fronteras en la traducci\u00f3n e interpretaci\u00f3n.<\/p><\/td><\/tr><tr><td align=\"center\" valign=\"middle\" bgcolor=\"#FFDA85\"><p>El baremo como instrumento en la evaluaci\u00f3n aut\u00e9ntica de la traducci\u00f3n (2016)\u00a0 Trabajos de investigaci\u00f3n de profesores de lenguas modernas en M\u00e9xico.<\/p><\/td><\/tr><tr><td align=\"center\" valign=\"middle\" bgcolor=\"#FFDA85\"><p>La autorreflexi\u00f3n en las practicas evaluativas de los proyectos de traducci\u00f3n (2016) Los retos del futuro en la traducci\u00f3n contempor\u00e1nea. Perspectivas diversas<\/p><\/td><\/tr><tr><td align=\"center\" valign=\"middle\" bgcolor=\"#FFDA85\"><p>La ense\u00f1anza de la ortograf\u00eda del espa\u00f1ol en la Educaci\u00f3n B\u00e1sica: Una pol\u00edtica ling\u00fc\u00edstica educativa para desarrollar competencias b\u00e1sicas para la vida (2016) Experiencias de Lenguas e Investigaci\u00f3n en el Siglo XXI.<\/p><\/td><\/tr><tr><td align=\"center\" valign=\"middle\" bgcolor=\"#FFDA85\"><p>Proceso de evaluaci\u00f3n de un programa de posgrado de la facultad de idiomas de la UABC: un caso mexicano (2016) Trabajos de investigaci\u00f3n de profesores de lenguas modernas en M\u00e9xico.<\/p><\/td><\/tr><tr><td rowspan=\"7\" align=\"center\" valign=\"middle\" bgcolor=\"#FFDA85\"><p align=\"center\">Cortez God\u00ednez Jos\u00e9<\/p><\/td><td align=\"center\" valign=\"middle\" bgcolor=\"#FFDA85\"><p>Nuevas culturas, biling\u00fcismo y glocalidad en la construcci\u00f3n de la jerga (2019) Lenguas en el mundo actual: situaci\u00f3n, problemas y retos.<\/p><\/td><\/tr><tr><td align=\"center\" valign=\"middle\" bgcolor=\"#FFDA85\"><p>La importancia de las TICs en la ense\u00f1anza de la traducci\u00f3n (2018) Estudios en lenguas modernas: docencia, investigaci\u00f3n, traducci\u00f3n.<\/p><\/td><\/tr><tr><td align=\"center\" valign=\"middle\" bgcolor=\"#FFDA85\"><p>La formaci\u00f3n de competencias en traducci\u00f3n: Un caso mexicano (2018) Aprendizaje, Formaci\u00f3n y Educaci\u00f3n por Competencias<\/p><\/td><\/tr><tr><td align=\"center\" valign=\"middle\" bgcolor=\"#FFDA85\"><p>Google Translator Toolkit como Herramienta de Asistencia al Traductor (2017) Nuevas fronteras en la traducci\u00f3n e interpretaci\u00f3n.<\/p><\/td><\/tr><tr><td align=\"center\" valign=\"middle\" bgcolor=\"#FFDA85\"><p>C\u00f3mo influye la subcompetencia terminol\u00f3gica en la adquisici\u00f3n de la competencia traductora (2016) Lenguas Modernas: Investigaci\u00f3n y Praxis.<\/p><\/td><\/tr><tr><td align=\"center\" valign=\"middle\" bgcolor=\"#FFDA85\"><p>La competencia tecnol\u00f3gica en la formaci\u00f3n del traductor (2016) Experiencias de Lenguas e Investigaci\u00f3n en el Siglo XXI.<\/p><\/td><\/tr><tr><td align=\"center\" valign=\"middle\" bgcolor=\"#FFDA85\"><p>Subcompetencia instrumental, vital en la formaci\u00f3n de traductores (2016) Visiones y perspectivas.<\/p><\/td><\/tr><tr><td rowspan=\"4\" align=\"center\" valign=\"middle\" bgcolor=\"#FFDA85\"><p align=\"center\">Longoria Ram\u00f3n Eldon Walter<\/p><\/td><td align=\"center\" valign=\"middle\" bgcolor=\"#FFDA85\"><p>Un Regard sur Le Francais Etrangere a La Fornitiere Mexique-Etats-Unis: Le cas de base Californie (2018)<\/p><\/td><\/tr><tr><td align=\"center\" valign=\"middle\" bgcolor=\"#FFDA85\"><p>Representaciones culturales e imaginarios sobre la lengua y cultura francesa de los estudiantes de franc\u00e9s lengua extranjera: impacto en el estudio de la lengua francesa (2016) Experiencias en lenguas e investigaci\u00f3n del siglo XXI.<\/p><\/td><\/tr><tr><td align=\"center\" valign=\"middle\" bgcolor=\"#FFDA85\"><p>La capacitaci\u00f3n basada en competencias para docentes de la Facultad de Idiomas de la Universidad Aut\u00f3noma de Baja California. (2015) Visiones y perspectivas n torno al estudio de las lenguas extranjeras en diversos contextos de M\u00e9xico<\/p><\/td><\/tr><tr><td align=\"center\" valign=\"middle\" bgcolor=\"#FFDA85\"><p>La formaci\u00f3n continua para el nuevo perfil docente de franc\u00e9s como lengua extranjera. (2015) Visiones y perspectivas n torno al estudio de las lenguas extranjeras en diversos contextos de M\u00e9xico<\/p><\/td><\/tr><tr><td rowspan=\"7\" align=\"center\" valign=\"middle\" bgcolor=\"#FFDA85\"><p align=\"center\">Paz Alvarado Graciela<\/p><\/td><td align=\"center\" valign=\"middle\" bgcolor=\"#FFDA85\"><p>Licenciatura en Ciencias de la Comunicaci\u00f3n: presente, pasado y futuro del proceso de evaluaci\u00f3n de la calidad (2019) Acreditaci\u00f3n en Instituciones de Educaci\u00f3n Superior. Experiencias logros y retos<\/p><\/td><\/tr><tr><td align=\"center\" valign=\"middle\" bgcolor=\"#FFDA85\"><p>Reflexiones sobre la impartici\u00f3n de la unidad de aprendizaje \u201c\u00c9tica de la comunicaci\u00f3n\u201d (2019) Desarrollo de experiencias institucionales en el conocimiento transdisciplinar<\/p><\/td><\/tr><tr><td align=\"center\" valign=\"middle\" bgcolor=\"#FFDA85\"><p>Google Translator Toolkit como Herramienta de Asistencia al Traductor (2017) Nuevas fronteras en la traducci\u00f3n e interpretaci\u00f3n.<\/p><\/td><\/tr><tr><td align=\"center\" valign=\"middle\" bgcolor=\"#FFDA85\"><p>La intersubjetividad en la construcci\u00f3n de la identidad organizacional (2017) La comunicaci\u00f3n para las organizaciones en M\u00e9xico.<\/p><\/td><\/tr><tr><td align=\"center\" valign=\"middle\" bgcolor=\"#FFDA85\"><p>La certificaci\u00f3n del ingl\u00e9s, un indicador de la calidad en el departamento de Educaci\u00f3n y Humanidades (2017) Epistemolog\u00eda y pr\u00e1ctica educativa en las instituciones de Educaci\u00f3n superior<\/p><\/td><\/tr><tr><td align=\"center\" valign=\"middle\" bgcolor=\"#FFDA85\"><p>La ciencia como forma del conocimiento (2017) Redes acad\u00e9micas, docencia e investigaci\u00f3n educativa.<\/p><\/td><\/tr><tr><td align=\"center\" valign=\"middle\" bgcolor=\"#FFDA85\"><p>Modalidades no convencionales de aprendizaje en la Licenciatura en Ciencias de la Educaci\u00f3n (2016) Las ciencias de la educaci\u00f3n en el proceso de formaci\u00f3n del profesional.<\/p><\/td><\/tr><tr><td rowspan=\"2\" align=\"center\" valign=\"middle\" bgcolor=\"#FFDA85\"><p>Valdez Guti\u00e9rrez Leticia<\/p><\/td><td align=\"center\" valign=\"middle\" bgcolor=\"#FFDA85\"><p>El traductor en Baja California. (2018) La profesi\u00f3n del traductor en M\u00e9xico.<\/p><\/td><\/tr><tr><td align=\"center\" valign=\"middle\" bgcolor=\"#FFDA85\"><p>El int\u00e9rprete m\u00e9dico en Tijuana: la formaci\u00f3n acad\u00e9mica en el campo laboral y la certificaci\u00f3n. (2017) Nuevas fronteras en la traducci\u00f3n e interpretaci\u00f3n<\/p><\/td><\/tr><\/tbody><\/table><\/td><\/tr><tr><td>\u00a0<\/td><\/tr><tr><td><p class=\"txt_info\" align=\"center\"><strong>Cap\u00edtulos de libros de profesores de tiempo parcial <\/strong><\/p><\/td><\/tr><tr><td>\u00a0<\/td><\/tr><tr><td><table border=\"1\" cellspacing=\"0\" cellpadding=\"0\"><tbody><tr><td bgcolor=\"#CCE3BB\" width=\"249\"><p align=\"center\"><strong>Nombre del autor<\/strong><\/p><\/td><td bgcolor=\"#CCE3BB\" width=\"404\"><p align=\"center\"><strong>Nombre del Cap\u00edtulo<\/strong><\/p><\/td><\/tr><tr><td rowspan=\"2\" align=\"center\" valign=\"middle\" bgcolor=\"#FFDA85\"><p align=\"center\">Dom\u00ednguez Gaona Mar\u00eda del Roc\u00edo<\/p><\/td><td align=\"center\" valign=\"middle\" bgcolor=\"#FFDA85\"><p align=\"center\">What narratives can tell us about language teachers\u00a0 (2016)\u00a0 Experiencias en Lenguas e Investigaci\u00f3n del Siglo XXI.<\/p><\/td><\/tr><tr><td align=\"center\" valign=\"middle\" bgcolor=\"#FFDA85\"><p align=\"center\">El desarrollo de la producci\u00f3n oral desde la percepci\u00f3n de docentes de primaria en el marco del enfoque comunicativo. (2016) Experiencias en Lenguas e Investigaci\u00f3n del Siglo XXI.<\/p><\/td><\/tr><tr><td align=\"center\" valign=\"middle\" bgcolor=\"#FFDA85\"><p align=\"center\">Molina Landeros Ros\u00edo del Carmen<\/p><\/td><td align=\"center\" valign=\"middle\" bgcolor=\"#FFDA85\"><p align=\"center\">Uso equivocado de los auxiliares \u00eatre (ser\/estar) y avoir (tener\/haber) en el pasado compuesto del franc\u00e9s (2016) Experiencias en lengua e investigaci\u00f3n del siglo XXI<\/p><\/td><\/tr><tr><td align=\"center\" valign=\"middle\" bgcolor=\"#FFDA85\"><p align=\"center\">Lozano Bachioqui Eleonora<\/p><\/td><td align=\"center\" valign=\"middle\" bgcolor=\"#FFDA85\"><p align=\"center\">Los falsos cognados en la traducci\u00f3n m\u00e9dica: un estudio a partir de un corpus comparable (2016) Los retos del futuro en la traducci\u00f3n contempor\u00e1nea. Perspectivas diversas.<\/p><\/td><\/tr><tr><td align=\"center\" valign=\"middle\" bgcolor=\"#FFDA85\"><p align=\"center\">Montoya Cabrera Mar\u00eda Guadalupe<\/p><\/td><td align=\"center\" valign=\"middle\" bgcolor=\"#FFDA85\"><p align=\"center\">Proceso de Evaluaci\u00f3n de un programa de posgrado de la Facultad de Idiomas:\u00a0un caso mexicano. (2014) Trabajos de investigaci\u00f3n de profesores de lenguas modernas, ISBN 978-607-7811-28-2<\/p><p align=\"center\">La documentaci\u00f3n en el proceso de la traducci\u00f3n. Perspectivas diversas, P 233-245. (2014). Los retos del futuro en traducci\u00f3n contempor\u00e1nea, ED. UABC ISBN\u00a0 978-607-607-237-0<\/p><p align=\"center\">La problem\u00e1tica de la traducci\u00f3n a la vista. El campo de acci\u00f3n de Lenguas y la traducci\u00f3n un acercamiento al trabajo colaborativo. (2013). ED. El Aleph, Digital P 187-198 ISBN 978-607-7811-25-1<\/p><p align=\"center\">En la b\u00fasqueda de la innovaci\u00f3n para la formaci\u00f3n de traductores. El campo de acci\u00f3n de Lenguas y la traducci\u00f3n un acercamiento al trabajo colaborativo. (2013). ED. El Aleph, Digital P. 155-170 ISBN 978-607-7811-25-1<\/p><\/td><\/tr><\/tbody><\/table><\/td><\/tr><tr><td>\u00a0<\/td><\/tr><tr><td><p class=\"txt_info\" align=\"center\"><strong>d) Trabajos presentados <\/strong><\/p><\/td><\/tr><tr><td>\u00a0<\/td><\/tr><tr><td><table border=\"1\" cellspacing=\"0\" cellpadding=\"0\"><tbody><tr><td bgcolor=\"#CCE3BB\" width=\"148\"><p align=\"center\"><strong>Nombre del Autor <\/strong><\/p><\/td><td bgcolor=\"#CCE3BB\" width=\"222\"><p align=\"center\"><strong>Nombre del trabajo <\/strong><\/p><\/td><td bgcolor=\"#CCE3BB\" width=\"223\"><p align=\"center\"><strong>Lugar y fecha <\/strong><\/p><\/td><\/tr><tr><td rowspan=\"6\" align=\"center\" valign=\"middle\" bgcolor=\"#FFDA85\"><p align=\"center\">Acosta Dom\u00ednguez Sonia<\/p><\/td><td align=\"center\" valign=\"middle\" bgcolor=\"#FFDA85\"><p align=\"center\">El trabajo colaborativo en la evaluaci\u00f3n de la traducci\u00f3n: una experiencia en UABC<\/p><\/td><td align=\"center\" valign=\"middle\" bgcolor=\"#FFDA85\"><p align=\"center\">Congreso Internacional de Idiomas 2017, M\u00e9xico<\/p><\/td><\/tr><tr><td align=\"center\" valign=\"middle\" bgcolor=\"#FFDA85\"><p align=\"center\">Propuesta de programa de espa\u00f1ol como lengua extranjera para ni\u00f1os de origen chino en Mexicali, Baja California.<\/p><\/td><td align=\"center\" valign=\"middle\" bgcolor=\"#FFDA85\"><p align=\"center\">WEFLA Conferencia<br \/>Internacional sobre Lenguas Extranjeras, Comunicaci\u00f3n y Cultura 2017, Cuba<\/p><\/td><\/tr><tr><td align=\"center\" valign=\"middle\" bgcolor=\"#FFDA85\"><p align=\"center\">El uso de la met\u00e1fora como una herramienta did\u00e1ctica en la ense\u00f1anza de la redacci\u00f3n en el nivel medio superior; una propuesta metodol\u00f3gica.<\/p><\/td><td align=\"center\" valign=\"middle\" bgcolor=\"#FFDA85\"><p align=\"center\">Conferencia Cient\u00edfica Internacional. WEFLA Conferencia Internacional sobre Lenguas Extranjeras, Comunicaci\u00f3n y Cultura 2017, Cuba<\/p><\/td><\/tr><tr><td align=\"center\" valign=\"middle\" bgcolor=\"#FFDA85\"><p align=\"center\">Una propuesta de protocolos para la traducci\u00f3n aplicada al doblaje en Am\u00e9rica Latina.<\/p><\/td><td align=\"center\" valign=\"middle\" bgcolor=\"#FFDA85\"><p align=\"center\">Conferencia Cient\u00edfica Internacional. WEFLA Conferencia Internacional sobre Lenguas Extranjeras, Comunicaci\u00f3n y Cultura 2017, Cuba<\/p><\/td><\/tr><tr><td align=\"center\" valign=\"middle\" bgcolor=\"#FFDA85\"><p align=\"center\">Int\u00e9rpretes de tribunales en el Estado de California, EEUU: An\u00e1lisis y compilaci\u00f3n de expresiones dif\u00edciles de traducir de migrantes mexicanos durante un juicio.<\/p><\/td><td align=\"center\" valign=\"middle\" bgcolor=\"#FFDA85\"><p align=\"center\">Congreso Internacional de Traducci\u00f3n e Interpretaci\u00f3n \u00abNuevas Fronteras en la Traducci\u00f3n e Interpretaci\u00f3n\u00bb 2016, M\u00e9xico<\/p><\/td><\/tr><tr><td align=\"center\" valign=\"middle\" bgcolor=\"#FFDA85\"><p align=\"center\">Propuesta de un sistema para lograr la evaluaci\u00f3n aut\u00e9ntica de los encargos de traducci\u00f3n.<\/p><\/td><td align=\"center\" valign=\"middle\" bgcolor=\"#FFDA85\"><p align=\"center\">Congreso Internacional de Traducci\u00f3n e Interpretaci\u00f3n \u00abNuevas Fronteras en la Traducci\u00f3n e Interpretaci\u00f3n\u00bb 2016, M\u00e9xico<\/p><\/td><\/tr><tr><td align=\"center\" valign=\"middle\" bgcolor=\"#FFDA85\"><p align=\"center\">Acosta Dom\u00ednguez Sonia<\/p><\/td><td align=\"center\" valign=\"middle\" bgcolor=\"#FFDA85\"><p align=\"center\">Vinculaci\u00f3n y apoyo a los sectores m\u00e1s desfavorecidos por medio de la tecnolog\u00eda aplicada a la traducci\u00f3n: El caso de la Asociaci\u00f3n Civil Refugio de Amor<\/p><\/td><td align=\"center\" valign=\"middle\" bgcolor=\"#FFDA85\"><p align=\"center\">XXX Congreso Nacional de Posgrado<br \/>Universidad<br \/>Aut\u00f3noma de San Luis Potos\u00ed, San<br \/>Luis Potos\u00ed,<br \/>M\u00e9xico 2016, M\u00e9xico<\/p><\/td><\/tr><tr><td rowspan=\"8\" align=\"center\" valign=\"middle\" bgcolor=\"#FFDA85\"><p align=\"center\">Cortez God\u00ednez Jos\u00e9<\/p><\/td><td align=\"center\" valign=\"middle\" bgcolor=\"#FFDA85\"><p align=\"center\">Asistencia<\/p><\/td><td align=\"center\" valign=\"middle\" bgcolor=\"#FFDA85\"><p align=\"center\">XIV foro de Estudios en<br \/>Lenguas Internacional 2018, M\u00e9xico<\/p><\/td><\/tr><tr><td align=\"center\" valign=\"middle\" bgcolor=\"#FFDA85\"><p align=\"center\">El uso de wordfast en el<br \/>Reciclado del trabajo de<br \/>Traducci\u00f3n<\/p><\/td><td align=\"center\" valign=\"middle\" bgcolor=\"#FFDA85\"><p align=\"center\">XIV foro de Estudios en<br \/>Lenguas Internacional 2018, M\u00e9xico<\/p><\/td><\/tr><tr><td align=\"center\" valign=\"middle\" bgcolor=\"#FFDA85\"><p align=\"center\">Evoluci\u00f3n de la subcompetencia Ling\u00fc\u00edstica en L2 en Quinto semestre de traducci\u00f3n<\/p><\/td><td align=\"center\" valign=\"middle\" bgcolor=\"#FFDA85\"><p align=\"center\">Congreso Internacional de<br \/>Traducci\u00f3n e Interpretaci\u00f3n<br \/>CITI8 2018, M\u00e9xico<\/p><\/td><\/tr><tr><td align=\"center\" valign=\"middle\" bgcolor=\"#FFDA85\"><p align=\"center\">Resultados de Investigaci\u00f3n<\/p><\/td><td align=\"center\" valign=\"middle\" bgcolor=\"#FFDA85\"><p align=\"center\">\u00ab6to. Foro de Resultados de<br \/>Investigaci\u00f3n 2018&#8243; M\u00e9xico<\/p><\/td><\/tr><tr><td rowspan=\"2\" align=\"center\" valign=\"middle\" bgcolor=\"#FFDA85\"><p align=\"center\">Computer-Assisted Translation (CAT) and its importance to academy<\/p><\/td><td align=\"center\" valign=\"middle\" bgcolor=\"#FFDA85\"><p align=\"center\">Conferencia Internacional sobre<br \/>Lenguas Extranjeras, Comunicaci\u00f3n y Cultura 2017, Cuba<\/p><\/td><\/tr><tr><td align=\"center\" valign=\"middle\" bgcolor=\"#FFDA85\"><p align=\"center\">WEFLA 2017, Cuba<\/p><\/td><\/tr><tr><td align=\"center\" valign=\"middle\" bgcolor=\"#FFDA85\"><p align=\"center\">C\u00f3mo condiciona el ingreso econ\u00f3mico la adquisici\u00f3n de la competencia traductora<\/p><\/td><td align=\"center\" valign=\"middle\" bgcolor=\"#FFDA85\"><p align=\"center\">XIII Foro de Estudios en<br \/>Lenguas Internacional 2017, M\u00e9xico<\/p><\/td><\/tr><tr><td align=\"center\" valign=\"middle\" bgcolor=\"#FFDA85\"><p align=\"center\">El corpus como herramienta acad\u00e9mica<\/p><\/td><td align=\"center\" valign=\"middle\" bgcolor=\"#FFDA85\"><p align=\"center\">III Jornada de Ling\u00fc\u00edstica LingUAQ. Quer\u00e9taro, M\u00e9xico 2017<\/p><\/td><\/tr><tr><td rowspan=\"8\" align=\"center\" valign=\"middle\" bgcolor=\"#FFDA85\"><p align=\"center\">Cortez God\u00ednez Jos\u00e9<\/p><\/td><td rowspan=\"4\" align=\"center\" valign=\"middle\" bgcolor=\"#FFDA85\"><p align=\"center\">La importancia de las TICs en la ense\u00f1anza de la traducci\u00f3n<\/p><\/td><td align=\"center\" valign=\"middle\" bgcolor=\"#FFDA85\"><p align=\"center\">XIII Foro de Estudios en Lenguas Internacional. Universidad de Quintana Roo. Chetumal, Quintana Roo, M\u00e9xico 2017<\/p><\/td><\/tr><tr><td align=\"center\" valign=\"middle\" bgcolor=\"#FFDA85\"><p align=\"center\">VIII Coloquio de Ling\u00fc\u00edstica<br \/>Computacional. UNAM. CDMX 2017<\/p><\/td><\/tr><tr><td align=\"center\" valign=\"middle\" bgcolor=\"#FFDA85\"><p align=\"center\">XIII Foro de Estudios en Lenguas Internacional. 2017, M\u00e9xico<\/p><\/td><\/tr><tr><td align=\"center\" valign=\"middle\" bgcolor=\"#FFDA85\"><p align=\"center\">VIII Coloquio de Ling\u00fc\u00edstica Computacional\u00a0 2017, M\u00e9xico<\/p><\/td><\/tr><tr><td align=\"center\" valign=\"middle\" bgcolor=\"#FFDA85\"><p align=\"center\">Traducci\u00f3n asistida por computadora<\/p><\/td><td align=\"center\" valign=\"middle\" bgcolor=\"#FFDA85\"><p align=\"center\">30 Edici\u00f3n Feria Universitaria del Libro. UAEH. Hidalgo 2017<\/p><\/td><\/tr><tr><td align=\"center\" valign=\"middle\" bgcolor=\"#FFDA85\"><p align=\"center\">T\u00e9cnicas de traducci\u00f3n para t\u00e9rminos coloquiales asistido por corpus: Subcorpus del Habla Urbana de Mexicali<\/p><\/td><td align=\"center\" valign=\"middle\" bgcolor=\"#FFDA85\"><p align=\"center\">2do. Foro Internacional de Traducci\u00f3n Especializada 2017, M\u00e9xico<\/p><\/td><\/tr><tr><td align=\"center\" valign=\"middle\" bgcolor=\"#FFDA85\"><p align=\"center\">Experiencias para el fortalecimiento en los programas de posgrado<\/p><\/td><td align=\"center\" valign=\"middle\" bgcolor=\"#FFDA85\"><p align=\"center\">7mo Congreso internacional la investigaci\u00f3n en el posgrado 2016, M\u00e9xico<\/p><\/td><\/tr><tr><td align=\"center\" valign=\"middle\" bgcolor=\"#FFDA85\"><p align=\"center\">El egresado de traducci\u00f3n en el mercado virtual globalizado<\/p><\/td><td align=\"center\" valign=\"middle\" bgcolor=\"#FFDA85\"><p align=\"center\">7mo congreso internacional de traducci\u00f3n e interpretaci\u00f3n 2016, M\u00e9xico<\/p><\/td><\/tr><tr><td rowspan=\"7\" align=\"center\" valign=\"middle\" bgcolor=\"#FFDA85\"><p align=\"center\">Cortez God\u00ednez Jos\u00e9<\/p><\/td><td align=\"center\" valign=\"middle\" bgcolor=\"#FFDA85\"><p align=\"center\">El nivel educativo de los padres como detonante en el desarrollo profesional de los estudiantes de traducci\u00f3n<\/p><\/td><td align=\"center\" valign=\"middle\" bgcolor=\"#FFDA85\"><p align=\"center\">7mo Congreso Internacional de<br \/>Traducci\u00f3n e Interpretaci\u00f3n 2016, M\u00e9xico<\/p><\/td><\/tr><tr><td rowspan=\"2\" align=\"center\" valign=\"middle\" bgcolor=\"#FFDA85\"><p align=\"center\">Experiencias para el fortalecimiento en los programas de posgrado<\/p><\/td><td align=\"center\" valign=\"middle\" bgcolor=\"#FFDA85\"><p align=\"center\">7mo.\u00a0 Congreso internacional. La investigaci\u00f3n en el<br \/>Posgrado 2016, M\u00e9xico<\/p><\/td><\/tr><tr><td align=\"center\" valign=\"middle\" bgcolor=\"#FFDA85\"><p align=\"center\">7mo. Congreso Internacional, La Investigaci\u00f3n en el Posgrado. UAAS. Aguascalientes, Ags. M\u00e9xico. 2016<\/p><\/td><\/tr><tr><td rowspan=\"2\" align=\"center\" valign=\"middle\" bgcolor=\"#FFDA85\"><p align=\"center\">Gesti\u00f3n terminol\u00f3gica por medio de Interplex<\/p><\/td><td align=\"center\" valign=\"middle\" bgcolor=\"#FFDA85\"><p align=\"center\">XIII Foro de Estudios en<br \/>Lenguas Internacional. 2016, M\u00e9xico<\/p><\/td><\/tr><tr><td align=\"center\" valign=\"middle\" bgcolor=\"#FFDA85\"><p align=\"center\">VII Congreso Internacional de Traducci\u00f3n e Interpretaci\u00f3n 2016, M\u00e9xico<\/p><\/td><\/tr><tr><td rowspan=\"2\" align=\"center\" valign=\"middle\" bgcolor=\"#FFDA85\"><p align=\"center\">Google Translator Toolkit como herramienta de apoyo al traductor novato<\/p><\/td><td align=\"center\" valign=\"middle\" bgcolor=\"#FFDA85\"><p align=\"center\">7mo congreso internacional de traducci\u00f3n e interpretaci\u00f3n 2016, M\u00e9xico<\/p><\/td><\/tr><tr><td align=\"center\" valign=\"middle\" bgcolor=\"#FFDA85\"><p align=\"center\">VII Congreso Internacional de Traducci\u00f3n e Interpretaci\u00f3n. UABC. Ensenada, B.C. M\u00e9xico 2016<\/p><\/td><\/tr><tr><td rowspan=\"5\" align=\"center\" valign=\"middle\" bgcolor=\"#FFDA85\"><p align=\"center\">Cortez God\u00ednez Jos\u00e9<\/p><\/td><td align=\"center\" valign=\"middle\" bgcolor=\"#FFDA85\"><p align=\"center\">La investigaci\u00f3n en el posgrado<\/p><\/td><td align=\"center\" valign=\"middle\" bgcolor=\"#FFDA85\"><p align=\"center\">7mo.\u00a0 Congreso internacional. La investigaci\u00f3n en el posgrado 2016, M\u00e9xico<\/p><\/td><\/tr><tr><td rowspan=\"2\" align=\"center\" valign=\"middle\" bgcolor=\"#FFDA85\"><p align=\"center\">La traducci\u00f3n asistida para acceder al mercado virtual globalizado<\/p><\/td><td align=\"center\" valign=\"middle\" bgcolor=\"#FFDA85\"><p align=\"center\">XIII Foro de Estudios en Lenguas Internacional 2016, M\u00e9xico.<\/p><\/td><\/tr><tr><td align=\"center\" valign=\"middle\" bgcolor=\"#FFDA85\"><p align=\"center\">XII Foro de Estudios en Lenguas Internacional. Universidad de Quintana Roo. Chetumal, Quintana Roo, M\u00e9xico 2016<\/p><\/td><\/tr><tr><td align=\"center\" valign=\"middle\" bgcolor=\"#FFDA85\"><p align=\"center\">Vinculaci\u00f3n y apoyo<\/p><\/td><td align=\"center\" valign=\"middle\" bgcolor=\"#FFDA85\"><p align=\"center\">Congreso nacional de posgrado 2016, M\u00e9xico<\/p><\/td><\/tr><tr><td align=\"center\" valign=\"middle\" bgcolor=\"#FFDA85\"><p align=\"center\">Vinculaci\u00f3n y apoyo a los sectores m\u00e1s desfavorecidos por medio de la tecnolog\u00eda aplicada a la traducci\u00f3n: El<br \/>caso de la Asociaci\u00f3n Civil Refugio de Amor<\/p><\/td><td align=\"center\" valign=\"middle\" bgcolor=\"#FFDA85\"><p align=\"center\">XXX Congreso Nacional de Posgrado Universidad<br \/>Aut\u00f3noma de San Luis Potos\u00ed, San Luis Potos\u00ed,<br \/>M\u00e9xico 2016, M\u00e9xico<\/p><\/td><\/tr><tr><td rowspan=\"6\" align=\"center\" valign=\"middle\" bgcolor=\"#FFDA85\"><p>Paz Alvarado Graciela<\/p><\/td><td align=\"center\" valign=\"middle\" bgcolor=\"#FFDA85\"><p>Comunicaci\u00f3n y cultura organizacional: perspectivas, tendencias y posibles rutas te\u00f3ricas<\/p><\/td><td align=\"center\" valign=\"middle\" bgcolor=\"#FFDA85\"><p>67 ICA Anual Preconference: Prospective Organizations<br \/>Communications In Mexico 2017 United States of America<\/p><\/td><\/tr><tr><td align=\"center\" valign=\"middle\" bgcolor=\"#FFDA85\"><p>Perspectiva Sociocultural: Fundamento Te\u00f3rico Posible<\/p><\/td><td align=\"center\" valign=\"middle\" bgcolor=\"#FFDA85\"><p>XXVIIi encuentro<br \/>Nacional AMIC 2017, M\u00e9xico<\/p><\/td><\/tr><tr><td align=\"center\" valign=\"middle\" bgcolor=\"#FFDA85\"><p>Violencia en impresos: Visibilidad e invisibilidad del entorno y percepci\u00f3n de inseguridad<\/p><\/td><td align=\"center\" valign=\"middle\" bgcolor=\"#FFDA85\"><p>IX encuentro Internacional de Investigadores y Estudiosos de la Informaci\u00f3n y la Comunicaci\u00f3n 2017, Cuba<\/p><\/td><\/tr><tr><td align=\"center\" valign=\"middle\" bgcolor=\"#FFDA85\"><p>De Schein al enfoque emergente: propuestas te\u00f3ricas y metodol\u00f3gicas en el estudio de la comunicaci\u00f3n organizacional<\/p><\/td><td align=\"center\" valign=\"middle\" bgcolor=\"#FFDA85\"><p>Sociedad del Conocimiento y Comunicaci\u00f3n: Reflexiones Criticas desde Am\u00e9rica Latina 2016, M\u00e9xico<\/p><\/td><\/tr><tr><td align=\"center\" valign=\"middle\" bgcolor=\"#FFDA85\"><p>Experiencias comunitarias de comunicaci\u00f3n para la Salud<\/p><\/td><td align=\"center\" valign=\"middle\" bgcolor=\"#FFDA85\"><p>Digital Communication: Transformations, Innovations<br \/>And New Directions, 2016, Estados Unidos<\/p><\/td><\/tr><tr><td align=\"center\" valign=\"middle\" bgcolor=\"#FFDA85\"><p>Gesti\u00f3n de comunicaci\u00f3n interna y cambio organizacional en una instituci\u00f3n cubana<\/p><\/td><td align=\"center\" valign=\"middle\" bgcolor=\"#FFDA85\"><p>Sociedad del Conocimiento y Comunicaci\u00f3n: Reflexiones Cr\u00edticas desde Am\u00e9rica Latina, 2016, M\u00e9xico<\/p><\/td><\/tr><tr><td rowspan=\"2\" align=\"center\" valign=\"middle\" bgcolor=\"#FFDA85\"><p>Paz Alvarado Graciela<\/p><\/td><td align=\"center\" valign=\"middle\" bgcolor=\"#FFDA85\"><p>Identidad y Profesionalizan docente en la educaci\u00f3n superior<\/p><\/td><td align=\"center\" valign=\"middle\" bgcolor=\"#FFDA85\"><p>II jornada Cient\u00edfica Internacional del CESESS por una educaci\u00f3n de excelencia 2016, Cuba<\/p><\/td><\/tr><tr><td align=\"center\" valign=\"middle\" bgcolor=\"#FFDA85\"><p>Perspectivas te\u00f3ricas para El estudio de las Comunicaci\u00f3n en las Organizaciones e Instituciones sociales<\/p><\/td><td align=\"center\" valign=\"middle\" bgcolor=\"#FFDA85\"><p>Encuentro Nacional CONEICC: Nuevas Realidades, Desaf\u00edos y Propuestas desde la Comunicaci\u00f3n 2016, M\u00e9xico<\/p><\/td><\/tr><tr><td align=\"center\" valign=\"middle\" bgcolor=\"#FFDA85\"><p>Valdez Guti\u00e9rrez Leticia<\/p><\/td><td align=\"center\" valign=\"middle\" bgcolor=\"#FFDA85\"><p>La interpretaci\u00f3n m\u00e9dica en la zona Tijuana-San Diego: el int\u00e9rprete, la certificaci\u00f3n y la formaci\u00f3n en traducci\u00f3n<\/p><\/td><td align=\"center\" valign=\"middle\" bgcolor=\"#FFDA85\"><p>VII Congreso de Traducci\u00f3n e Interpretaci\u00f3n 2016, M\u00e9xico<\/p><\/td><\/tr><\/tbody><\/table><\/td><\/tr><\/tbody><\/table>\t\t\t\t\t\t\t\t<\/div>\n\t\t\t\t<\/div>\n\t\t\t\t\t<\/div>\n\t\t<\/div>\n\t\t\t\t\t<\/div>\n\t\t<\/section>\n\t\t\t\t<section class=\"elementor-section elementor-top-section elementor-element elementor-element-f7a79a2 elementor-section-boxed elementor-section-height-default elementor-section-height-default\" data-id=\"f7a79a2\" data-element_type=\"section\" data-e-type=\"section\">\n\t\t\t\t\t\t<div class=\"elementor-container elementor-column-gap-default\">\n\t\t\t\t\t<div class=\"elementor-column elementor-col-100 elementor-top-column elementor-element elementor-element-fce456d\" data-id=\"fce456d\" data-element_type=\"column\" data-e-type=\"column\">\n\t\t\t<div class=\"elementor-widget-wrap elementor-element-populated\">\n\t\t\t\t\t\t<div class=\"elementor-element elementor-element-41f4f04 elementor-widget elementor-widget-spacer\" data-id=\"41f4f04\" data-element_type=\"widget\" data-e-type=\"widget\" data-widget_type=\"spacer.default\">\n\t\t\t\t<div class=\"elementor-widget-container\">\n\t\t\t\t\t\t\t<div class=\"elementor-spacer\">\n\t\t\t<div class=\"elementor-spacer-inner\"><\/div>\n\t\t<\/div>\n\t\t\t\t\t\t<\/div>\n\t\t\t\t<\/div>\n\t\t\t\t\t<\/div>\n\t\t<\/div>\n\t\t\t\t\t<\/div>\n\t\t<\/section>\n\t\t\t\t<\/div>\n\t\t","protected":false},"excerpt":{"rendered":"<p>Productividad Acad\u00e9mica de los Profesores de Posgrado Productividad Acad\u00e9mica relevante de los Profesores de Posgrado 1-Docentes del N\u00facleo Acad\u00e9mico B\u00e1sico (del 2007 a la fecha) a. Art\u00edculos b. Libros c. Cap\u00edtulos de libros d. Trabajos presentados \u00a0 a) Art\u00edculos del N\u00facleo Acad\u00e9mico A\u00f1o Profesor T\u00edtulo del art\u00edculo Lugar de publicaci\u00f3n 2017 Acosta Dom\u00ednguez Sonia El [&hellip;]<\/p>\n","protected":false},"author":1,"featured_media":0,"parent":0,"menu_order":0,"comment_status":"closed","ping_status":"closed","template":"","meta":{"site-sidebar-layout":"no-sidebar","site-content-layout":"page-builder","ast-site-content-layout":"default","site-content-style":"default","site-sidebar-style":"default","ast-global-header-display":"","ast-banner-title-visibility":"","ast-main-header-display":"","ast-hfb-above-header-display":"","ast-hfb-below-header-display":"","ast-hfb-mobile-header-display":"","site-post-title":"disabled","ast-breadcrumbs-content":"","ast-featured-img":"disabled","footer-sml-layout":"","ast-disable-related-posts":"","theme-transparent-header-meta":"default","adv-header-id-meta":"","stick-header-meta":"","header-above-stick-meta":"","header-main-stick-meta":"","header-below-stick-meta":"","astra-migrate-meta-layouts":"default","ast-page-background-enabled":"default","ast-page-background-meta":{"desktop":{"background-color":"","background-image":"","background-repeat":"repeat","background-position":"center center","background-size":"auto","background-attachment":"scroll","background-type":"","background-media":"","overlay-type":"","overlay-color":"","overlay-opacity":"","overlay-gradient":""},"tablet":{"background-color":"","background-image":"","background-repeat":"repeat","background-position":"center center","background-size":"auto","background-attachment":"scroll","background-type":"","background-media":"","overlay-type":"","overlay-color":"","overlay-opacity":"","overlay-gradient":""},"mobile":{"background-color":"","background-image":"","background-repeat":"repeat","background-position":"center center","background-size":"auto","background-attachment":"scroll","background-type":"","background-media":"","overlay-type":"","overlay-color":"","overlay-opacity":"","overlay-gradient":""}},"ast-content-background-meta":{"desktop":{"background-color":"var(--ast-global-color-5)","background-image":"","background-repeat":"repeat","background-position":"center center","background-size":"auto","background-attachment":"scroll","background-type":"","background-media":"","overlay-type":"","overlay-color":"","overlay-opacity":"","overlay-gradient":""},"tablet":{"background-color":"var(--ast-global-color-5)","background-image":"","background-repeat":"repeat","background-position":"center center","background-size":"auto","background-attachment":"scroll","background-type":"","background-media":"","overlay-type":"","overlay-color":"","overlay-opacity":"","overlay-gradient":""},"mobile":{"background-color":"var(--ast-global-color-5)","background-image":"","background-repeat":"repeat","background-position":"center center","background-size":"auto","background-attachment":"scroll","background-type":"","background-media":"","overlay-type":"","overlay-color":"","overlay-opacity":"","overlay-gradient":""}},"footnotes":""},"class_list":["post-1809","page","type-page","status-publish","hentry"],"_links":{"self":[{"href":"https:\/\/idiomas.mxl.uabc.mx\/eti\/wp-json\/wp\/v2\/pages\/1809","targetHints":{"allow":["GET"]}}],"collection":[{"href":"https:\/\/idiomas.mxl.uabc.mx\/eti\/wp-json\/wp\/v2\/pages"}],"about":[{"href":"https:\/\/idiomas.mxl.uabc.mx\/eti\/wp-json\/wp\/v2\/types\/page"}],"author":[{"embeddable":true,"href":"https:\/\/idiomas.mxl.uabc.mx\/eti\/wp-json\/wp\/v2\/users\/1"}],"replies":[{"embeddable":true,"href":"https:\/\/idiomas.mxl.uabc.mx\/eti\/wp-json\/wp\/v2\/comments?post=1809"}],"version-history":[{"count":7,"href":"https:\/\/idiomas.mxl.uabc.mx\/eti\/wp-json\/wp\/v2\/pages\/1809\/revisions"}],"predecessor-version":[{"id":2136,"href":"https:\/\/idiomas.mxl.uabc.mx\/eti\/wp-json\/wp\/v2\/pages\/1809\/revisions\/2136"}],"wp:attachment":[{"href":"https:\/\/idiomas.mxl.uabc.mx\/eti\/wp-json\/wp\/v2\/media?parent=1809"}],"curies":[{"name":"wp","href":"https:\/\/api.w.org\/{rel}","templated":true}]}}